{"id":734,"date":"2020-06-15T13:33:58","date_gmt":"2020-06-15T12:33:58","guid":{"rendered":"https:\/\/mythslegendes.com\/?page_id=734"},"modified":"2022-12-03T22:06:57","modified_gmt":"2022-12-03T22:06:57","slug":"les-fir-bolgs","status":"publish","type":"page","link":"https:\/\/mythslegendes.com\/en\/irish-mythology\/the-fir-bolgs\/","title":{"rendered":"The Fir Bolgs"},"content":{"rendered":"\t\t<div data-elementor-type=\"wp-page\" data-elementor-id=\"734\" class=\"elementor elementor-734\">\n\t\t\t\t\t\t<section class=\"elementor-section elementor-top-section elementor-element elementor-element-9dd3220 elementor-section-boxed elementor-section-height-default elementor-section-height-default\" data-id=\"9dd3220\" data-element_type=\"section\" data-e-type=\"section\">\n\t\t\t\t\t\t<div class=\"elementor-container elementor-column-gap-default\">\n\t\t\t\t\t<div class=\"elementor-column elementor-col-50 elementor-top-column elementor-element elementor-element-3a8e823\" data-id=\"3a8e823\" data-element_type=\"column\" data-e-type=\"column\">\n\t\t\t<div class=\"elementor-widget-wrap elementor-element-populated\">\n\t\t\t\t\t\t<div class=\"elementor-element elementor-element-3518f74 elementor-align-justify elementor-widget elementor-widget-button\" data-id=\"3518f74\" data-element_type=\"widget\" data-e-type=\"widget\" data-widget_type=\"button.default\">\n\t\t\t\t<div class=\"elementor-widget-container\">\n\t\t\t\t\t\t\t\t\t<div class=\"elementor-button-wrapper\">\n\t\t\t\t\t<a class=\"elementor-button elementor-button-link elementor-size-sm\" href=\"https:\/\/mythslegendes.com\/mythologie-irlandaise\/\">\n\t\t\t\t\t\t<span class=\"elementor-button-content-wrapper\">\n\t\t\t\t\t\t\t\t\t<span class=\"elementor-button-text\">Mythologie irlandaise<\/span>\n\t\t\t\t\t<\/span>\n\t\t\t\t\t<\/a>\n\t\t\t\t<\/div>\n\t\t\t\t\t\t\t\t<\/div>\n\t\t\t\t<\/div>\n\t\t\t\t\t<\/div>\n\t\t<\/div>\n\t\t\t\t<div class=\"elementor-column elementor-col-50 elementor-top-column elementor-element elementor-element-dfac695\" data-id=\"dfac695\" data-element_type=\"column\" data-e-type=\"column\">\n\t\t\t<div class=\"elementor-widget-wrap elementor-element-populated\">\n\t\t\t\t\t\t<div class=\"elementor-element elementor-element-f37c10f elementor-align-justify elementor-widget elementor-widget-button\" data-id=\"f37c10f\" data-element_type=\"widget\" data-e-type=\"widget\" data-widget_type=\"button.default\">\n\t\t\t\t<div class=\"elementor-widget-container\">\n\t\t\t\t\t\t\t\t\t<div class=\"elementor-button-wrapper\">\n\t\t\t\t\t<a class=\"elementor-button elementor-button-link elementor-size-sm\" href=\"https:\/\/fr.wikipedia.org\/wiki\/Mythologie_celtique_irlandaise\" target=\"_blank\" rel=\"noopener\">\n\t\t\t\t\t\t<span class=\"elementor-button-content-wrapper\">\n\t\t\t\t\t\t\t\t\t<span class=\"elementor-button-text\">Wiki<\/span>\n\t\t\t\t\t<\/span>\n\t\t\t\t\t<\/a>\n\t\t\t\t<\/div>\n\t\t\t\t\t\t\t\t<\/div>\n\t\t\t\t<\/div>\n\t\t\t\t\t<\/div>\n\t\t<\/div>\n\t\t\t\t\t<\/div>\n\t\t<\/section>\n\t\t\t\t<section class=\"elementor-section elementor-top-section elementor-element elementor-element-28d5cd22 elementor-section-boxed elementor-section-height-default elementor-section-height-default\" data-id=\"28d5cd22\" data-element_type=\"section\" data-e-type=\"section\">\n\t\t\t\t\t\t<div class=\"elementor-container elementor-column-gap-default\">\n\t\t\t\t\t<div class=\"elementor-column elementor-col-100 elementor-top-column elementor-element elementor-element-510e763b\" data-id=\"510e763b\" data-element_type=\"column\" data-e-type=\"column\">\n\t\t\t<div class=\"elementor-widget-wrap elementor-element-populated\">\n\t\t\t\t\t\t<div class=\"elementor-element elementor-element-2d0efe61 elementor-widget elementor-widget-text-editor\" data-id=\"2d0efe61\" data-element_type=\"widget\" data-e-type=\"widget\" data-widget_type=\"text-editor.default\">\n\t\t\t\t<div class=\"elementor-widget-container\">\n\t\t\t\t\t\t\t\t\t\n<p>Voici la partie dite des Fir Bolgs du <a href=\"https:\/\/mythslegendes.com\/en\/irish-mythology\/\">Livre des Invasions<\/a>.<\/p>\n<p><img decoding=\"async\" class=\"alignnone wp-image-5284 size-full\" src=\"https:\/\/mythslegendes.com\/wp-content\/uploads\/2020\/09\/AlphaOmega-e1602613368367.png\" alt=\"Fir Bolgs\" width=\"25\" height=\"26\" title=\"\"><\/p>\n<div id=\"ez-toc-container\" class=\"ez-toc-v2_0_82_2 counter-hierarchy ez-toc-counter ez-toc-grey ez-toc-container-direction\">\n<div class=\"ez-toc-title-container\">\n<p class=\"ez-toc-title\" style=\"cursor:inherit\">Contenus<\/p>\n<span class=\"ez-toc-title-toggle\"><a href=\"#\" class=\"ez-toc-pull-right ez-toc-btn ez-toc-btn-xs ez-toc-btn-default ez-toc-toggle\" aria-label=\"Toggle Table of Content\"><span class=\"ez-toc-js-icon-con\"><span class=\"\"><span class=\"eztoc-hide\" style=\"display:none;\">Toggle<\/span><span class=\"ez-toc-icon-toggle-span\"><svg style=\"fill: #999;color:#999\" xmlns=\"http:\/\/www.w3.org\/2000\/svg\" class=\"list-377408\" width=\"20px\" height=\"20px\" viewBox=\"0 0 24 24\" fill=\"none\"><path d=\"M6 6H4v2h2V6zm14 0H8v2h12V6zM4 11h2v2H4v-2zm16 0H8v2h12v-2zM4 16h2v2H4v-2zm16 0H8v2h12v-2z\" fill=\"currentColor\"><\/path><\/svg><svg style=\"fill: #999;color:#999\" class=\"arrow-unsorted-368013\" xmlns=\"http:\/\/www.w3.org\/2000\/svg\" width=\"10px\" height=\"10px\" viewBox=\"0 0 24 24\" version=\"1.2\" baseProfile=\"tiny\"><path d=\"M18.2 9.3l-6.2-6.3-6.2 6.3c-.2.2-.3.4-.3.7s.1.5.3.7c.2.2.4.3.7.3h11c.3 0 .5-.1.7-.3.2-.2.3-.5.3-.7s-.1-.5-.3-.7zM5.8 14.7l6.2 6.3 6.2-6.3c.2-.2.3-.5.3-.7s-.1-.5-.3-.7c-.2-.2-.4-.3-.7-.3h-11c-.3 0-.5.1-.7.3-.2.2-.3.5-.3.7s.1.5.3.7z\"\/><\/svg><\/span><\/span><\/span><\/a><\/span><\/div>\n<nav><ul class='ez-toc-list ez-toc-list-level-1 ' ><li class='ez-toc-page-1 ez-toc-heading-level-2'><a class=\"ez-toc-link ez-toc-heading-1\" href=\"https:\/\/mythslegendes.com\/en\/irish-mythology\/the-fir-bolgs\/#Fir-Bolgs\" >Fir Bolgs<\/a><\/li><\/ul><\/nav><\/div>\n<h2><span class=\"ez-toc-section\" id=\"Fir-Bolgs\"><\/span>Fir Bolgs<span class=\"ez-toc-section-end\"><\/span><\/h2>\n<p><strong>\u00a748.<\/strong> Or quant aux Fir Bolg, ils amen\u00e8rent cinq chefs avec eux, comme ci-dessus, \u00e0 savoir, Gann, Genann, Rudraige, Sengann, Slanga: ceux-ci \u00e9taient les cinq fils de Dela. Leurs cinq \u00e9pouses ensuite, Anust, Liber, Cnucha, Fuat, Etar:<\/p>\n\n<p>Ainsi le dit-on,<br \/><em>Fuat, femme de Slanga, ne pensez pas que ce soit faux,<\/em><br \/><em>Etar femme de Gann le valeureux,<\/em><br \/><em>Anust femme de Sengann aux lances,<\/em><br \/><em>Cnucha qui \u00e9tait la femme du pur Genann.<\/em><br \/><em>Liber femme de Rudraige de la route,<\/em><br \/><em>Un peuple doux, qui n\u2019\u00e9tait pas \u00e9troit:<\/em><br \/><em>Rudraige, ma\u00eetre des ruses,<\/em><br \/><em>Je suppose, Fuat \u00e9tait son \u00e9pouse.<\/em><\/p>\n\n<p><strong>\u00a749.<\/strong> Les Fir Bolg se s\u00e9par\u00e8rent en trois. Avec Slanga f. Dela f. Loth son tiers \u00e0 Inber Slaine: sa province d\u2019Inber Colptha \u00e0 Comar Tri nUisce; un millier d\u2019hommes son contingent. Le second tiers d\u00e9barqua \u00e0 Inber Dubglaisi avec Gann et Sengann: deux milliers \u00e9tait leur contingent, Gann de Comar Tri nUisce \u00e0 Belach Conglais, Sengann de Belach Conglais \u00e0 Luimneach \u2013 c\u2019est-\u00e0-dire, sur les deux provinces de Mumu. Genann et Rudraige avec un tiers de l\u2019arm\u00e9e, ils accost\u00e8rent \u00e0 Domnann: d\u2019o\u00f9 leur appellation de Fir Domnann. Genann c\u2019est lui qui fut roi sur la province de Medb et Ailell; Rudraige sur la province de Conchobor \u2013 deux milliers encore \u00e9tait son contingent. Tels \u00e9taient les Fir Bolg, les Fir Domnann, et les Gailioin.<\/p>\n\n<p>Quant aux Fir Domnann, la crique tient son nom d\u2019eux. Les Fir Bolg \u2013 ils furent nomm\u00e9s d\u2019apr\u00e8s leurs sacs. Les Gailioin, de la multitude de leurs javelots furent-ils nomm\u00e9s. Ils firent une prise et une principaut\u00e9, car ils \u00e9taient cinq fr\u00e8res, les cinq fils de Dela f. Loth. Et en une semaine ils prirent l\u2019Irlande, [bien que les jours eussent pu diff\u00e9rer]. Le samedi, aux calendes d\u2019Ao\u00fbt, Slanga d\u00e9barqua \u00e0 Inber Slaine. Le mardi Gann et Sengann abord\u00e8rent. Le vendredi Genann et Rudraige accost\u00e8rent: et ainsi ce fut une prise, bien que diff\u00e9remment con\u00e7ue. Les Gaileoin, par Slanga furent-ils nomm\u00e9s. Par Gann et Sengann furent nomm\u00e9s les Fir Bolg. Les Fir Domnann furent nomm\u00e9s parce qu\u2019ils creus\u00e8rent la terre: c\u2019\u00e9tait Genann et Rudraige et leur suite.<br \/>Car ils sont tous nomm\u00e9s Fir Bolg, et trente-sept ann\u00e9es fut la dur\u00e9e de leur autorit\u00e9 sur l\u2019Irlande. Les cinq fils de Dela furent les cinq rois des Fir Bolg, soit, Gann, Genann, Rudraige, Sengann, Slaine.<\/p>\n\n<p><strong>\u00a750.<\/strong> Slanga \u00e9tait l\u2019a\u00een\u00e9, f. Dela f. Loth f. Oirthet, f. Tribuat f. Gothorb f. Gosten f. Fortech f. Semeon f. Erglan f. Beoan f. Starn f. Nemed f. Agnomain. Aucun roi ne fut dit \u201cd\u2019Irlande\u201d, avant que ne vinssent les Fir Bolg.<\/p>\n\n<p>Neuf rois de ceux-ci prirent l\u2019Irlande. Slanga, une ann\u00e9e \u2013 c\u2019est lui des Fir Bolg qui mourut le premier en <a href=\"https:\/\/mythslegendes.com\/en\/irish-mythology\/\">Irlande<\/a>. Rudraige, deux ann\u00e9es, puis il mourut \u00e0 Brug Bratruad. Gann et Genann, quatre ann\u00e9es, puis ils moururent de la peste \u00e0 Fremaind. Sengann, cinq ann\u00e9es, puis il tomba par la main de Rindail f. Genann f. Dela. Rindail, six ann\u00e9es, puis il tomba par la main de Fodbgenid f. Sengann f. Dela \u00e0 Eba Coirpre. Fodbgen, quatre ann\u00e9es, puis il tomba \u00e0 Mag Muirthemne par la main d\u2019Eochu f. Rindail f. Genann f. Dela. Eochu fils d\u2019Erc, dix ann\u00e9es. Il n\u2019y eut pas d\u2019arrosage en son temps, sauf la ros\u00e9e seulement: il n\u2019y eut aucune ann\u00e9e sans r\u00e9colte. Les mensonges furent \u00e9vinc\u00e9s d\u2019Irlande en son temps. Par lui fut ex\u00e9cut\u00e9e la loi de justice en Irlande pour la premi\u00e8re fois. Eochu fils d\u2019Erc tomba aux mains des trois fils de Nemed f. Badra: c\u2019est le premier roi d\u2019Irlande qui re\u00e7ut son coup fatal en Irlande.<\/p>\n\n<p><strong>\u00a751.<\/strong> Les Fir Bolg donn\u00e8rent bataille \u00e0 Mag Tuired; grand temps dura le combat dans cette bataille. Enfin elle se d\u00e9noua \u00e0 l\u2019encontre des Fir Bolg, et le massacre se r\u00e9pandit vers le nord, et cent milliers de leurs hommes furent tu\u00e9s vers l\u2019ouest sur la rive d\u2019Eochaill. L\u00e0 fut rejoint le roi Eochu, et il tomba aux mains des trois fils de Nemed. Toutefois les Tuatha D\u00e9 Danann souffrirent grande perte dans la bataille, et ils laiss\u00e8rent le roi sur le champ de bataille, avec son bras qui lui fut coup\u00e9; les m\u00e9decins pass\u00e8rent sept ann\u00e9es \u00e0 le gu\u00e9rir. Les Fir Bolg tomb\u00e8rent dans la bataille tous sauf quelques-uns, et ils quitt\u00e8rent l\u2019Irlande fuyant les Tuatha D\u00e9 Danann, \u00e0 Ara, et Ile, et Rachra et d\u2019autres \u00eeles proches. Ce fut eux qui men\u00e8rent les Fomoraig \u00e0 la seconde bataille de Mag Tuired. Et ils rest\u00e8rent en ces \u00eeles jusqu\u2019au temps des Provinciaux sur l\u2019Irlande, quand les Cruithne les expuls\u00e8rent. Ils all\u00e8rent trouver Cairbre Nia Fer, et il leur donna des terres; mais ils furent incapables de rester avec lui \u00e0 cause du lourd imp\u00f4t auquel il les soumettait. Par la suite ils prirent la fuite devant Cairbre sous la protection de Medb et Ailill, et ceux-ci leur donn\u00e8rent des terres. Telle est l\u2019errance des fils d\u2019Umor. Oengus fils d\u2019Umor fut leur roi \u00e0 l\u2019est, et d\u2019apr\u00e8s eux sont nomm\u00e9s ces territoires, Loch Cime de Cime Quatre-T\u00eates fils d\u2019Umor, la Pointe de Taman \u00e0 Medraige de Taman fils d\u2019Umor, le Fort d\u2019Oengus \u00e0 Ara d\u2019Oengus, les rochers de Conall \u00e0 Aidne de Conall, Mag Adair d\u2019Adar, Mag Asail de Asal \u00e0 Mumu \u00e9galement. Menn fils d\u2019Umor \u00e9tait po\u00e8te. Ils \u00e9taient dans les forteresses et les \u00eeles de la mer autour de l\u2019Irlande dans ce sens, jusqu\u2019\u00e0 ce que Cu Chulaind les vainqu\u00eet.<\/p>\n\n<p><strong>\u00a752.<\/strong> Tels furent les rois des Fir Bolg et leurs morts;<\/p>\n\n<p>Ainsi le po\u00e8te dit<br \/><em>Les Fir Bolg furent ici une saison<\/em><br \/><em>Dans la grande \u00eele des fils de Mil;<\/em><br \/><em>Des cinq chefs qu\u2019ils amen\u00e8rent avec eux<\/em><br \/><em>De l\u00e0-bas, je connais leurs noms.<\/em><br \/><em>Une ann\u00e9e eut Slanga, c\u2019est v\u00e9ritable,<\/em><br \/><em>Avant de mourir dans son beau tertre;<\/em><br \/><em>Le premier homme des Fir bolg des pics<\/em><br \/><em>Qui mourut dans l\u2019\u00eele d\u2019Irlande.<\/em><br \/><em>Deux ann\u00e9es de Rudraige le rouge,<\/em><br \/><em>Avant de mourir \u00e0 Brug Brat-ruaid,<\/em><br \/><em>Quatre de Genann et de Gann,<\/em><br \/><em>Avant que la peste ne les emport\u00e2t \u00e0 Fremaind.<\/em><br \/><em>Cinq ann\u00e9es de Sengann \u2013 elles furent reposantes \u2013<\/em><br \/><em>Puis Fiachu fils de Starn le tua;<\/em><br \/><em>Cinq autres \u2013 ce fut lors d\u2019une bataille \u2013<\/em><br \/><em>Fiachu Cendfhindan fut roi.<\/em><br \/><em>Fiachu Cendfhindan devant tous,<\/em><br \/><em>Son nom perdure \u00e0 jamais;<\/em><br \/><em>Tous fortun\u00e9s, sans reproche,<\/em><br \/><em>Furent les enfants d\u2019Irlande en sa pr\u00e9sence.<\/em><br \/><em>Puis il tomba par la main du rouge Rindail,<\/em><br \/><em>Il eut six ann\u00e9es avec son arm\u00e9e libre;<\/em><br \/><em>Le petit-fils de Dela alors tomba \u00e0 Eba,<\/em><br \/><em>Par la main d\u2019Odbgen.<\/em><br \/><em>Quatre au noble Odbgen jusqu\u2019\u00e0 la bataille<\/em><br \/><em>De Murthemne des nobles:<\/em><br \/><em>Odbgen mourut sans reproche<\/em><br \/><em>Par la main du fils d\u2019Erc, du grand Eochu.<\/em><br \/><em>Dix ann\u00e9es \u00e0 Eochu fils d\u2019Erc,<\/em><br \/><em>Il ne trouva pas la fronti\u00e8re de la faiblesse:<\/em><br \/><em>Puis ils le tu\u00e8rent sur le champ de bataille,<\/em><br \/><em>Les trois fils de Nemed fils de Badra.<\/em><br \/><em>Puis Rinnal grandit, il n\u2019y eut pas de pointe<\/em><br \/><em>Sur les armes de l\u2019Irlande;<\/em><br \/><em>Sur les rudes javelots il n\u2019y eut pas de d\u2019estoc,<\/em><br \/><em>Ils n\u2019\u00e9taient que des b\u00e2tons de jet.<\/em><br \/><em>Au temps de Fodbgen par la suite<\/em><br \/><em>Il vint des noeuds aux arbres:<\/em><br \/><em>Les bois d\u2019Irlande abattus<\/em><br \/><em>Puis ils furent lisses et tr\u00e8s droits.<\/em><br \/><em>Les plaisants Tuatha D\u00e9 Danann<\/em><br \/><em>Amen\u00e8rent avec eux des lances dans leurs mains:<\/em><br \/><em>Avec elles<\/em><em> Eochu<\/em><em> fut tu\u00e9,<\/em><br \/><em>Par la descendance de Nemed au fort jugement.<\/em><br \/><em>Les noms des trois excellents fils de Nemed<\/em><br \/><em>\u00c9taient Cessarb, Luam, et Luachra:<\/em><br \/><em>Ce fut eux qui tu\u00e8rent le premier roi d\u2019une pointe,<\/em><br \/><em>Eochu fils d\u2019Erc, en Irlande.<\/em><br \/><em>Par la suite les Tuatha D\u00e9 combattirent les Fir Bolg,<\/em><br \/><em>Ce fut une apparition aboutie.<\/em><br \/><em>Ils prirent leurs biens<\/em><br \/><em>Et leur gouvernance aux Hommes.<\/em><\/p>\n\n<p><strong>\u00a753.<\/strong> Fintan dit de la division des Provinces \u2013<br \/><em>Les cinq parts de l\u2019Irlande<br \/>Entre mer et terre,<br \/>Je supplie les belles chandelles<br \/>De chaque province parmi eux.<br \/>De Drobais rapide et fougueux,<br \/>Est la premi\u00e8re division jusqu\u2019\u00e0<br \/>La Boyne blanche et vaste<br \/>Au sud de la blanche Bairche.<br \/>De la Boyne, harmonieuse et \u00e9tincelante<br \/>Avec ses centaines de ports<br \/>Au croisement au son des vagues assembl\u00e9es<br \/>Des trois froides eaux.<br \/>De l\u00e0 m\u00eame<br \/>Rejoignant prestement<br \/>Du Bel de Cu le brave<br \/>Qui est appel\u00e9 \u2018glas.\u2019<br \/>De Lumnech aux imposants navires \u2013<br \/>Large sa surface \u2014<br \/>A Drobais aux multitudes arm\u00e9es,<br \/>Pures, sur lesquelles la mer rit.<br \/>Prostration judicieuse,<br \/>Les chemins relat\u00e9s,<br \/>Perfection dans la correction<br \/>Vers une route en cinq.<br \/>Les points de ces provinces<br \/>A Uisnech ils menaient,<br \/>Chacun hors de son [\u2026]<br \/>[\u2026] jusqu\u2019\u00e0 cinq.<\/em><\/p>\n\n<p>La descendance de Semeon \u00e9tait tous les Gaileoin et Fir Domnann. Trente ann\u00e9es apr\u00e8s Genann et Rudraige, les Tuatha D\u00e9 Danann vinrent en Irlande.<\/p>\n\n<p><strong>\u00a754.<\/strong> Par la suite la prog\u00e9niture de Bethach f. Iarbonel le devin f. Nemed fut dans les \u00eeles au nord du monde, apprenant le druidisme et le savoir et la proph\u00e9tie et la magie, jusqu\u2019\u00e0 \u00eatre experts dans les arts de pa\u00efenne ruse.<\/p>\n\t\t\t\t\t\t\t\t<\/div>\n\t\t\t\t<\/div>\n\t\t\t\t\t<\/div>\n\t\t<\/div>\n\t\t\t\t\t<\/div>\n\t\t<\/section>\n\t\t\t\t<\/div>\n\t\t","protected":false},"excerpt":{"rendered":"<p>Mythologie irlandaise Wiki Voici la partie dite des Fir Bolgs du Livre des Invasions. Fir Bolgs \u00a748. Or quant aux &hellip; <\/p>","protected":false},"author":1,"featured_media":0,"parent":439,"menu_order":0,"comment_status":"closed","ping_status":"closed","template":"","meta":{"footnotes":""},"class_list":["post-734","page","type-page","status-publish","hentry"],"amp_enabled":true,"_links":{"self":[{"href":"https:\/\/mythslegendes.com\/en\/wp-json\/wp\/v2\/pages\/734","targetHints":{"allow":["GET"]}}],"collection":[{"href":"https:\/\/mythslegendes.com\/en\/wp-json\/wp\/v2\/pages"}],"about":[{"href":"https:\/\/mythslegendes.com\/en\/wp-json\/wp\/v2\/types\/page"}],"author":[{"embeddable":true,"href":"https:\/\/mythslegendes.com\/en\/wp-json\/wp\/v2\/users\/1"}],"replies":[{"embeddable":true,"href":"https:\/\/mythslegendes.com\/en\/wp-json\/wp\/v2\/comments?post=734"}],"version-history":[{"count":1,"href":"https:\/\/mythslegendes.com\/en\/wp-json\/wp\/v2\/pages\/734\/revisions"}],"predecessor-version":[{"id":24583,"href":"https:\/\/mythslegendes.com\/en\/wp-json\/wp\/v2\/pages\/734\/revisions\/24583"}],"up":[{"embeddable":true,"href":"https:\/\/mythslegendes.com\/en\/wp-json\/wp\/v2\/pages\/439"}],"wp:attachment":[{"href":"https:\/\/mythslegendes.com\/en\/wp-json\/wp\/v2\/media?parent=734"}],"curies":[{"name":"wp","href":"https:\/\/api.w.org\/{rel}","templated":true}]}}