{"id":1167,"date":"2020-06-23T10:54:11","date_gmt":"2020-06-23T09:54:11","guid":{"rendered":"https:\/\/mythslegendes.com\/?page_id=1167"},"modified":"2022-12-03T22:07:02","modified_gmt":"2022-12-03T22:07:02","slug":"contes-basques-6","status":"publish","type":"page","link":"https:\/\/mythslegendes.com\/es\/mitologia-vasca\/cuentos-vascos-6\/","title":{"rendered":"Cuentos vascos 6"},"content":{"rendered":"<div data-elementor-type=\"wp-page\" data-elementor-id=\"1167\" class=\"elementor elementor-1167\">\n\t\t\t\t\t\t<section class=\"elementor-section elementor-top-section elementor-element elementor-element-185bda4 elementor-section-boxed elementor-section-height-default elementor-section-height-default\" data-id=\"185bda4\" data-element_type=\"section\" data-e-type=\"section\">\n\t\t\t\t\t\t<div class=\"elementor-container elementor-column-gap-default\">\n\t\t\t\t\t<div class=\"elementor-column elementor-col-50 elementor-top-column elementor-element elementor-element-e7753e0\" data-id=\"e7753e0\" data-element_type=\"column\" data-e-type=\"column\">\n\t\t\t<div class=\"elementor-widget-wrap elementor-element-populated\">\n\t\t\t\t\t\t<div class=\"elementor-element elementor-element-6248f2b elementor-align-justify elementor-widget elementor-widget-button\" data-id=\"6248f2b\" data-element_type=\"widget\" data-e-type=\"widget\" data-widget_type=\"button.default\">\n\t\t\t\t<div class=\"elementor-widget-container\">\n\t\t\t\t\t\t\t\t\t<div class=\"elementor-button-wrapper\">\n\t\t\t\t\t<a class=\"elementor-button elementor-button-link elementor-size-sm\" href=\"https:\/\/mythslegendes.com\/es\/mitologia-vasca\/\">\n\t\t\t\t\t\t<span class=\"elementor-button-content-wrapper\">\n\t\t\t\t\t\t\t\t\t<span class=\"elementor-button-text\">Mitolog\u00eda vasca<\/span>\n\t\t\t\t\t<\/span>\n\t\t\t\t\t<\/a>\n\t\t\t\t<\/div>\n\t\t\t\t\t\t\t\t<\/div>\n\t\t\t\t<\/div>\n\t\t\t\t\t<\/div>\n\t\t<\/div>\n\t\t\t\t<div class=\"elementor-column elementor-col-50 elementor-top-column elementor-element elementor-element-bb00a47\" data-id=\"bb00a47\" data-element_type=\"column\" data-e-type=\"column\">\n\t\t\t<div class=\"elementor-widget-wrap elementor-element-populated\">\n\t\t\t\t\t\t<div class=\"elementor-element elementor-element-7cd1ad6 elementor-align-justify elementor-widget elementor-widget-button\" data-id=\"7cd1ad6\" data-element_type=\"widget\" data-e-type=\"widget\" data-widget_type=\"button.default\">\n\t\t\t\t<div class=\"elementor-widget-container\">\n\t\t\t\t\t\t\t\t\t<div class=\"elementor-button-wrapper\">\n\t\t\t\t\t<a class=\"elementor-button elementor-button-link elementor-size-sm\" href=\"https:\/\/fr.wikipedia.org\/wiki\/Mythologie_basque\" target=\"_blank\" rel=\"noopener\">\n\t\t\t\t\t\t<span class=\"elementor-button-content-wrapper\">\n\t\t\t\t\t\t\t\t\t<span class=\"elementor-button-text\">Wiki<\/span>\n\t\t\t\t\t<\/span>\n\t\t\t\t\t<\/a>\n\t\t\t\t<\/div>\n\t\t\t\t\t\t\t\t<\/div>\n\t\t\t\t<\/div>\n\t\t\t\t\t<\/div>\n\t\t<\/div>\n\t\t\t\t\t<\/div>\n\t\t<\/section>\n\t\t\t\t<section class=\"elementor-section elementor-top-section elementor-element elementor-element-2c5c48d8 elementor-section-boxed elementor-section-height-default elementor-section-height-default\" data-id=\"2c5c48d8\" data-element_type=\"section\" data-e-type=\"section\">\n\t\t\t\t\t\t<div class=\"elementor-container elementor-column-gap-default\">\n\t\t\t\t\t<div class=\"elementor-column elementor-col-100 elementor-top-column elementor-element elementor-element-1d4b93d6\" data-id=\"1d4b93d6\" data-element_type=\"column\" data-e-type=\"column\">\n\t\t\t<div class=\"elementor-widget-wrap elementor-element-populated\">\n\t\t\t\t\t\t<div class=\"elementor-element elementor-element-798266ab elementor-widget elementor-widget-text-editor\" data-id=\"798266ab\" data-element_type=\"widget\" data-e-type=\"widget\" data-widget_type=\"text-editor.default\">\n\t\t\t\t<div class=\"elementor-widget-container\">\n\t\t\t\t\t\t\t\t\t<p><\/p>\n<div id=\"ez-toc-container\" class=\"ez-toc-v2_0_82_2 counter-hierarchy ez-toc-counter ez-toc-grey ez-toc-container-direction\">\n<div class=\"ez-toc-title-container\">\n<p class=\"ez-toc-title\" style=\"cursor:inherit\">Contenido<\/p>\n<span class=\"ez-toc-title-toggle\"><a href=\"#\" class=\"ez-toc-pull-right ez-toc-btn ez-toc-btn-xs ez-toc-btn-default ez-toc-toggle\" aria-label=\"Alternar tabla de contenidos\"><span class=\"ez-toc-js-icon-con\"><span class=\"\"><span class=\"eztoc-hide\" style=\"display:none;\">Palanca<\/span><span class=\"ez-toc-icon-toggle-span\"><svg style=\"fill: #999;color:#999\" xmlns=\"http:\/\/www.w3.org\/2000\/svg\" class=\"list-377408\" width=\"20px\" height=\"20px\" viewbox=\"0 0 24 24\" fill=\"none\"><path d=\"M6 6H4v2h2V6zm14 0H8v2h12V6zM4 11h2v2H4v-2zm16 0H8v2h12v-2zM4 16h2v2H4v-2zm16 0H8v2h12v-2z\" fill=\"currentColor\"><\/path><\/svg><svg style=\"fill: #999;color:#999\" class=\"arrow-unsorted-368013\" xmlns=\"http:\/\/www.w3.org\/2000\/svg\" width=\"10px\" height=\"10px\" viewbox=\"0 0 24 24\" version=\"1.2\" baseprofile=\"tiny\"><path d=\"M18.2 9.3l-6.2-6.3-6.2 6.3c-.2.2-.3.4-.3.7s.1.5.3.7c.2.2.4.3.7.3h11c.3 0 .5-.1.7-.3.2-.2.3-.5.3-.7s-.1-.5-.3-.7zM5.8 14.7l6.2 6.3 6.2-6.3c.2-.2.3-.5.3-.7s-.1-.5-.3-.7c-.2-.2-.4-.3-.7-.3h-11c-.3 0-.5.1-.7.3-.2.2-.3.5-.3.7s.1.5.3.7z\"\/><\/svg><\/span><\/span><\/span><\/a><\/span><\/div>\n<nav><ul class='ez-toc-list ez-toc-list-level-1' ><li class='ez-toc-page-1 ez-toc-heading-level-2'><a class=\"ez-toc-link ez-toc-heading-1\" href=\"https:\/\/mythslegendes.com\/es\/mitologia-vasca\/cuentos-vascos-6\/#Contes-basques\" >Cuentos vascos<\/a><\/li><li class='ez-toc-page-1 ez-toc-heading-level-2'><a class=\"ez-toc-link ez-toc-heading-2\" href=\"https:\/\/mythslegendes.com\/es\/mitologia-vasca\/cuentos-vascos-6\/#Etsai-eleve\" >Alumno de Etsai<\/a><\/li><li class='ez-toc-page-1 ez-toc-heading-level-2'><a class=\"ez-toc-link ez-toc-heading-3\" href=\"https:\/\/mythslegendes.com\/es\/mitologia-vasca\/cuentos-vascos-6\/#Le-moissonneur\" >El segador<\/a><\/li><li class='ez-toc-page-1 ez-toc-heading-level-2'><a class=\"ez-toc-link ez-toc-heading-4\" href=\"https:\/\/mythslegendes.com\/es\/mitologia-vasca\/cuentos-vascos-6\/#Bardos\" >Bardos<\/a><\/li><\/ul><\/nav><\/div>\n<h2 class=\"wp-block-heading\"><span class=\"ez-toc-section\" id=\"Contes-basques\"><\/span>Cuentos vascos<span class=\"ez-toc-section-end\"><\/span><\/h2>\n<p>Aqu\u00ed hay varios cuentos. <a href=\"https:\/\/mythslegendes.com\/es\/mitologia-vasca\/\">vasco<\/a> : Etsai \u00e9l\u00e8ve, Le moissonneur, Bardos<\/p>\n<p><img decoding=\"async\" class=\"alignnone wp-image-5284 size-full\" src=\"https:\/\/mythslegendes.com\/wp-content\/uploads\/2020\/09\/AlphaOmega-e1602613368367.png\" alt=\"Cuentos vascos\" width=\"25\" height=\"26\" title=\"\"><\/p>\n<h2><span class=\"ez-toc-section\" id=\"Etsai-eleve\"><\/span>Alumno de Etsai<span class=\"ez-toc-section-end\"><\/span><\/h2>\n<p><\/p>\n<p><\/p>\n<p>Habitante de la cueva de Leiza de Sara, Etsai (diablo), tuvo all\u00ed una escuela donde ense\u00f1\u00f3 en poco tiempo las ciencias, las artes y las letras. Aqu\u00ed estudiaron los dos hijos de Mari, Atarrabi y Atxular, y otros compa\u00f1eros. El pago que exig\u00eda por su cargo era el siguiente: al t\u00e9rmino de sus estudios mantendr\u00eda a su servicio y para siempre a uno de sus alumnos escogido por sorteo.<\/p>\n<p><\/p>\n<p><\/p>\n<p>Una vez, sin embargo, prometi\u00f3 no exigir tal tributo si pod\u00edan decir de qu\u00e9 material estaba hecho uno de sus barcos. Pas\u00f3 el tiempo y los escolares no pudieron penetrar este secreto. Uno de ellos fue a Akelarre (p\u00e1ramo de cabras) o campo de magos. Se subi\u00f3 a un \u00e1rbol. En este lugar se reun\u00edan muchas brujas y magos junto a su l\u00edder Etsai.<\/p>\n<p>Despu\u00e9s de bailar un poco, Etsai comenz\u00f3 a conversar con una bruja y le dijo:<\/p>\n<p><\/p>\n<p><\/p>\n<p>\u201cMa\u00f1ana vendr\u00e1n los alumnos y me dir\u00e1n de qu\u00e9 material es mi jarr\u00f3n\u201d.<br \/>\u201c\u00bfDe qu\u00e9 material est\u00e1 hecho este jarr\u00f3n? pregunt\u00f3 la bruja.<br \/>&quot;No puedo dec\u00edrtelo&quot;.<br \/>&quot;\u00bfNo me lo dir\u00e1s? \u00bfNo conf\u00edas en m\u00ed? \u00bb<br \/>\u201cPero eso s\u00ed: mi jarr\u00f3n est\u00e1 hecho de u\u00f1as cortadas el viernes y el domingo\u201d.<\/p>\n<p><\/p>\n<p><\/p>\n<p>El alumno que hab\u00eda escuchado este di\u00e1logo, recit\u00f3 a Etsai la lecci\u00f3n aprendida en el Akelarre.<br \/>Tras lo cual los alumnos de su promoci\u00f3n fueron liberados.<\/p>\n<p><\/p>\n<p><\/p>\n<hr class=\"wp-block-separator\" \/>\n<p><\/p>\n<p><\/p>\n<h2 class=\"wp-block-heading\"><span class=\"ez-toc-section\" id=\"Le-moissonneur\"><\/span>El segador<span class=\"ez-toc-section-end\"><\/span><\/h2>\n<p><\/p>\n<p><\/p>\n<p>Un d\u00eda Jes\u00fas y San Pedro estaban caminando en la cosecha.<br \/>\u2013 \u201cEl bello trigo\u201d, dice Pierre<br \/>\u2013 \u201c\u00bfQu\u00e9 dices ah\u00ed?, contin\u00faa el amo del campo, la cosecha es m\u00e1s que mediocre\u201d.<\/p>\n<p>Entonces Jes\u00fas le dijo a San Pedro:<br \/>&quot;Su codicia ser\u00e1 castigada, y solo tendr\u00e1n una fanega de trigo por cada carreta de gavillas&quot;.<\/p>\n<p>M\u00e1s adelante encuentran a una pobre mujer aserrando laboriosamente trigo delgado. Pedro le dijo:<br \/>\u2013 \u201cMi buena se\u00f1ora, no tendr\u00e1 una cosecha famosa\u201d.<br \/>\u2013 \u201cQue Dios me la guarde y ser\u00e9 feliz\u201d, responde la mujer.<\/p>\n<p>Jes\u00fas le dijo a San Pedro:<br \/>\u201cSu sumisi\u00f3n tendr\u00e1 su recompensa. Cada gavilla le dar\u00e1 una fanega de trigo\u201d. Mientras Jes\u00fas continuaba su camino, Pedro se acerc\u00f3 y le dijo a la mujer:<br \/>\u2013 \u201cHaz tus gavillas lo m\u00e1s peque\u00f1as que puedas\u201d.<\/p>\n<p><\/p>\n<p><\/p>\n<hr class=\"wp-block-separator\" \/>\n<p><\/p>\n<p><\/p>\n<h2 class=\"wp-block-heading\"><span class=\"ez-toc-section\" id=\"Bardos\"><\/span>Bardos<span class=\"ez-toc-section-end\"><\/span><\/h2>\n<p><\/p>\n<p><\/p>\n<p>Tandis qu&rsquo;ils cheminaient sur terre, le seigneur J\u00e9sus et saint Pierre parvinrent \u00e0 la limite du pays <a href=\"https:\/\/mythslegendes.com\/es\/mitologia-vasca\/\">vasco<\/a>. Ils \u00e9taient fatigu\u00e9s, et ils s&rsquo;assirent tous les deux sur le bord du chemin.<\/p>\n<p>Despu\u00e9s de respirar un poco, mirando a su alrededor, San Pedro le dijo a Jes\u00fas:<br \/>- &quot;\u00bfQu\u00e9 vamos a hacer con este rinc\u00f3n, mi se\u00f1or?&quot; \u00bb<br \/>- &quot;\u00a1Bah! oye, ni vasco ni gasc\u00f3n\u2026 de eso vamos a hacer Bardos. \u00bb<br \/>Y resucitados ambos, lo hicieron... Bardos.<\/p>\n<p><\/p>\t\t\t\t\t\t\t\t<\/div>\n\t\t\t\t<\/div>\n\t\t\t\t\t<\/div>\n\t\t<\/div>\n\t\t\t\t\t<\/div>\n\t\t<\/section>\n\t\t\t\t<\/div>","protected":false},"excerpt":{"rendered":"<p>Wiki Mitolog\u00eda Vasca Cuentos Vascos Aqu\u00ed hay varios cuentos vascos: Etsai estudiante, El segador, Bardos Etsai estudiante Habitante del \u2026 <\/p>","protected":false},"author":1,"featured_media":0,"parent":1004,"menu_order":0,"comment_status":"closed","ping_status":"closed","template":"","meta":{"footnotes":""},"class_list":["post-1167","page","type-page","status-publish","hentry"],"amp_enabled":true,"_links":{"self":[{"href":"https:\/\/mythslegendes.com\/es\/wp-json\/wp\/v2\/pages\/1167","targetHints":{"allow":["GET"]}}],"collection":[{"href":"https:\/\/mythslegendes.com\/es\/wp-json\/wp\/v2\/pages"}],"about":[{"href":"https:\/\/mythslegendes.com\/es\/wp-json\/wp\/v2\/types\/page"}],"author":[{"embeddable":true,"href":"https:\/\/mythslegendes.com\/es\/wp-json\/wp\/v2\/users\/1"}],"replies":[{"embeddable":true,"href":"https:\/\/mythslegendes.com\/es\/wp-json\/wp\/v2\/comments?post=1167"}],"version-history":[{"count":1,"href":"https:\/\/mythslegendes.com\/es\/wp-json\/wp\/v2\/pages\/1167\/revisions"}],"predecessor-version":[{"id":24672,"href":"https:\/\/mythslegendes.com\/es\/wp-json\/wp\/v2\/pages\/1167\/revisions\/24672"}],"up":[{"embeddable":true,"href":"https:\/\/mythslegendes.com\/es\/wp-json\/wp\/v2\/pages\/1004"}],"wp:attachment":[{"href":"https:\/\/mythslegendes.com\/es\/wp-json\/wp\/v2\/media?parent=1167"}],"curies":[{"name":"wp","href":"https:\/\/api.w.org\/{rel}","templated":true}]}}