{"id":1227,"date":"2020-06-23T11:26:33","date_gmt":"2020-06-23T10:26:33","guid":{"rendered":"https:\/\/mythslegendes.com\/?page_id=1227"},"modified":"2022-12-03T22:07:03","modified_gmt":"2022-12-03T22:07:03","slug":"herensuge-et-le-chevalier","status":"publish","type":"page","link":"https:\/\/mythslegendes.com\/es\/mitologia-vasca\/herensuge-and-the-knight\/","title":{"rendered":"Herensuge y el caballero"},"content":{"rendered":"<div data-elementor-type=\"wp-page\" data-elementor-id=\"1227\" class=\"elementor elementor-1227\">\n\t\t\t\t\t\t<section class=\"elementor-section elementor-top-section elementor-element elementor-element-8681302 elementor-section-boxed elementor-section-height-default elementor-section-height-default\" data-id=\"8681302\" data-element_type=\"section\" data-e-type=\"section\">\n\t\t\t\t\t\t<div class=\"elementor-container elementor-column-gap-default\">\n\t\t\t\t\t<div class=\"elementor-column elementor-col-50 elementor-top-column elementor-element elementor-element-7613b13\" data-id=\"7613b13\" data-element_type=\"column\" data-e-type=\"column\">\n\t\t\t<div class=\"elementor-widget-wrap elementor-element-populated\">\n\t\t\t\t\t\t<div class=\"elementor-element elementor-element-9dea6a6 elementor-align-justify elementor-widget elementor-widget-button\" data-id=\"9dea6a6\" data-element_type=\"widget\" data-e-type=\"widget\" data-widget_type=\"button.default\">\n\t\t\t\t<div class=\"elementor-widget-container\">\n\t\t\t\t\t\t\t\t\t<div class=\"elementor-button-wrapper\">\n\t\t\t\t\t<a class=\"elementor-button elementor-button-link elementor-size-sm\" href=\"https:\/\/mythslegendes.com\/es\/mitologia-vasca\/\">\n\t\t\t\t\t\t<span class=\"elementor-button-content-wrapper\">\n\t\t\t\t\t\t\t\t\t<span class=\"elementor-button-text\">Mitolog\u00eda vasca<\/span>\n\t\t\t\t\t<\/span>\n\t\t\t\t\t<\/a>\n\t\t\t\t<\/div>\n\t\t\t\t\t\t\t\t<\/div>\n\t\t\t\t<\/div>\n\t\t\t\t\t<\/div>\n\t\t<\/div>\n\t\t\t\t<div class=\"elementor-column elementor-col-50 elementor-top-column elementor-element elementor-element-0b6865d\" data-id=\"0b6865d\" data-element_type=\"column\" data-e-type=\"column\">\n\t\t\t<div class=\"elementor-widget-wrap elementor-element-populated\">\n\t\t\t\t\t\t<div class=\"elementor-element elementor-element-c9d59b3 elementor-align-justify elementor-widget elementor-widget-button\" data-id=\"c9d59b3\" data-element_type=\"widget\" data-e-type=\"widget\" data-widget_type=\"button.default\">\n\t\t\t\t<div class=\"elementor-widget-container\">\n\t\t\t\t\t\t\t\t\t<div class=\"elementor-button-wrapper\">\n\t\t\t\t\t<a class=\"elementor-button elementor-button-link elementor-size-sm\" href=\"https:\/\/fr.wikipedia.org\/wiki\/Mythologie_basque\" target=\"_blank\" rel=\"noopener\">\n\t\t\t\t\t\t<span class=\"elementor-button-content-wrapper\">\n\t\t\t\t\t\t\t\t\t<span class=\"elementor-button-text\">Wiki<\/span>\n\t\t\t\t\t<\/span>\n\t\t\t\t\t<\/a>\n\t\t\t\t<\/div>\n\t\t\t\t\t\t\t\t<\/div>\n\t\t\t\t<\/div>\n\t\t\t\t\t<\/div>\n\t\t<\/div>\n\t\t\t\t\t<\/div>\n\t\t<\/section>\n\t\t\t\t<section class=\"elementor-section elementor-top-section elementor-element elementor-element-51df8996 elementor-section-boxed elementor-section-height-default elementor-section-height-default\" data-id=\"51df8996\" data-element_type=\"section\" data-e-type=\"section\">\n\t\t\t\t\t\t<div class=\"elementor-container elementor-column-gap-default\">\n\t\t\t\t\t<div class=\"elementor-column elementor-col-100 elementor-top-column elementor-element elementor-element-505cb74f\" data-id=\"505cb74f\" data-element_type=\"column\" data-e-type=\"column\">\n\t\t\t<div class=\"elementor-widget-wrap elementor-element-populated\">\n\t\t\t\t\t\t<div class=\"elementor-element elementor-element-7ebda462 elementor-widget elementor-widget-text-editor\" data-id=\"7ebda462\" data-element_type=\"widget\" data-e-type=\"widget\" data-widget_type=\"text-editor.default\">\n\t\t\t\t<div class=\"elementor-widget-container\">\n\t\t\t\t\t\t\t\t\t<p><\/p>\n<p>En la monta\u00f1a de Aralar (Navarra) hay una cueva. En esto viv\u00eda Herensuge que, cuando sinti\u00f3 que ven\u00eda el hambre, descendi\u00f3 a los pueblos y provoc\u00f3 masacres entre la gente. Es por eso que la gente de los alrededores decidi\u00f3 enviar o entregar al drag\u00f3n una persona por d\u00eda, designada por sorteo.<\/p>\n<p><img decoding=\"async\" class=\"alignnone wp-image-5284 size-full\" src=\"https:\/\/mythslegendes.com\/wp-content\/uploads\/2020\/09\/AlphaOmega-e1602613368367.png\" alt=\"Herensuge y el caballero\" width=\"25\" height=\"26\" title=\"\"><\/p>\n<div id=\"ez-toc-container\" class=\"ez-toc-v2_0_82_2 counter-hierarchy ez-toc-counter ez-toc-grey ez-toc-container-direction\">\n<div class=\"ez-toc-title-container\">\n<p class=\"ez-toc-title\" style=\"cursor:inherit\">Contenido<\/p>\n<span class=\"ez-toc-title-toggle\"><a href=\"#\" class=\"ez-toc-pull-right ez-toc-btn ez-toc-btn-xs ez-toc-btn-default ez-toc-toggle\" aria-label=\"Alternar tabla de contenidos\"><span class=\"ez-toc-js-icon-con\"><span class=\"\"><span class=\"eztoc-hide\" style=\"display:none;\">Palanca<\/span><span class=\"ez-toc-icon-toggle-span\"><svg style=\"fill: #999;color:#999\" xmlns=\"http:\/\/www.w3.org\/2000\/svg\" class=\"list-377408\" width=\"20px\" height=\"20px\" viewbox=\"0 0 24 24\" fill=\"none\"><path d=\"M6 6H4v2h2V6zm14 0H8v2h12V6zM4 11h2v2H4v-2zm16 0H8v2h12v-2zM4 16h2v2H4v-2zm16 0H8v2h12v-2z\" fill=\"currentColor\"><\/path><\/svg><svg style=\"fill: #999;color:#999\" class=\"arrow-unsorted-368013\" xmlns=\"http:\/\/www.w3.org\/2000\/svg\" width=\"10px\" height=\"10px\" viewbox=\"0 0 24 24\" version=\"1.2\" baseprofile=\"tiny\"><path d=\"M18.2 9.3l-6.2-6.3-6.2 6.3c-.2.2-.3.4-.3.7s.1.5.3.7c.2.2.4.3.7.3h11c.3 0 .5-.1.7-.3.2-.2.3-.5.3-.7s-.1-.5-.3-.7zM5.8 14.7l6.2 6.3 6.2-6.3c.2-.2.3-.5.3-.7s-.1-.5-.3-.7c-.2-.2-.4-.3-.7-.3h-11c-.3 0-.5.1-.7.3-.2.2-.3.5-.3.7s.1.5.3.7z\"\/><\/svg><\/span><\/span><\/span><\/a><\/span><\/div>\n<nav><ul class='ez-toc-list ez-toc-list-level-1' ><li class='ez-toc-page-1 ez-toc-heading-level-2'><a class=\"ez-toc-link ez-toc-heading-1\" href=\"https:\/\/mythslegendes.com\/es\/mitologia-vasca\/herensuge-and-the-knight\/#Herensuge\" >Herensuge<\/a><\/li><\/ul><\/nav><\/div>\n<h2><span class=\"ez-toc-section\" id=\"Herensuge\"><\/span>Herensuge<span class=\"ez-toc-section-end\"><\/span><\/h2>\n<p><\/p>\n<p><\/p>\n<p>Un d\u00eda, el destino cay\u00f3 sobre una joven. As\u00ed que fue a la entrada de la cueva esperando al monstruo.<\/p>\n<p>En aquellos tiempos el caballero de Go\u00f1i vagaba por las monta\u00f1as. Hizo penitencia hasta que se le rompieron los grilletes de hierro, los zapatos y una gran cadena de hierro que colgaba de su cintur\u00f3n. El diablo se le apareci\u00f3 disfrazado de noble caballero, le dijo que si quer\u00eda romper su grillete y su cadena, ten\u00eda que frotarlos contra sus propios excrementos.<\/p>\n<p>Hizo lo que le dijo el diablo y sus herraduras se rompieron, pero no la cadena. El pobre caballero no pod\u00eda caminar como sol\u00eda hacerlo ahora que estaba descalzo. No le quedaba ninguna esperanza de poder romper su cadena en cualquier momento.<\/p>\n<p><\/p>\n<p><\/p>\n<p>Un d\u00eda estaba pasando por el Golfo del Drag\u00f3n. Fue all\u00ed donde vio a la joven. Le pregunt\u00f3 a ella:<br \/>&quot; Qu\u00e9 est\u00e1s haciendo aqu\u00ed ? &quot;.<br \/>La ni\u00f1a se dirigi\u00f3 a \u00e9l y le cont\u00f3 lo que estaba pasando. Entonces el caballero envi\u00f3 a la ni\u00f1a a casa y comenz\u00f3 a esperar la llegada del propio monstruo.<\/p>\n<p><\/p>\n<p><\/p>\n<p>Con eso, el drag\u00f3n sali\u00f3 del abismo y mordi\u00f3 la cadena que le sosten\u00eda el penitente y, trag\u00e1ndola, atrajo hacia \u00e9l al caballero de Go\u00f1i.<br \/>En una postura tan peligrosa, se dirige a San Miguel gritando:<br \/>&quot;San Miguel ay\u00fadame&quot;.<\/p>\n<p><\/p>\n<p><\/p>\n<p>Se dice que en el cielo se escuch\u00f3 una voz que dec\u00eda:<br \/>&quot;San Miguel, te estamos llamando desde todo el mundo&quot;.<\/p>\n<p><\/p>\n<p><\/p>\n<p>\u201cSe\u00f1or, no me ir\u00eda sin ti\u201d respondi\u00f3 el Arc\u00e1ngel San Miguel y descendi\u00f3 al monte Aralar, llevando a Dios sobre su cabeza. Con su espada afilada cort\u00f3 el cuello del drag\u00f3n y al mismo tiempo, la cadena del caballero de Go\u00f1i.<\/p>\n<p><\/p>\n<p><\/p>\n<p>As\u00ed termin\u00f3 definitivamente su penitencia.<\/p>\n<p><\/p>\t\t\t\t\t\t\t\t<\/div>\n\t\t\t\t<\/div>\n\t\t\t\t\t<\/div>\n\t\t<\/div>\n\t\t\t\t\t<\/div>\n\t\t<\/section>\n\t\t\t\t<\/div>","protected":false},"excerpt":{"rendered":"<p>Wiki Mitolog\u00eda Vasca En la monta\u00f1a de Aralar (Navarra) hay una cueva. Fue aqu\u00ed donde vivi\u00f3 Herensuge quien, cuando\u2026 <\/p>","protected":false},"author":1,"featured_media":0,"parent":1004,"menu_order":0,"comment_status":"closed","ping_status":"closed","template":"","meta":{"footnotes":""},"class_list":["post-1227","page","type-page","status-publish","hentry"],"amp_enabled":true,"_links":{"self":[{"href":"https:\/\/mythslegendes.com\/es\/wp-json\/wp\/v2\/pages\/1227","targetHints":{"allow":["GET"]}}],"collection":[{"href":"https:\/\/mythslegendes.com\/es\/wp-json\/wp\/v2\/pages"}],"about":[{"href":"https:\/\/mythslegendes.com\/es\/wp-json\/wp\/v2\/types\/page"}],"author":[{"embeddable":true,"href":"https:\/\/mythslegendes.com\/es\/wp-json\/wp\/v2\/users\/1"}],"replies":[{"embeddable":true,"href":"https:\/\/mythslegendes.com\/es\/wp-json\/wp\/v2\/comments?post=1227"}],"version-history":[{"count":1,"href":"https:\/\/mythslegendes.com\/es\/wp-json\/wp\/v2\/pages\/1227\/revisions"}],"predecessor-version":[{"id":24688,"href":"https:\/\/mythslegendes.com\/es\/wp-json\/wp\/v2\/pages\/1227\/revisions\/24688"}],"up":[{"embeddable":true,"href":"https:\/\/mythslegendes.com\/es\/wp-json\/wp\/v2\/pages\/1004"}],"wp:attachment":[{"href":"https:\/\/mythslegendes.com\/es\/wp-json\/wp\/v2\/media?parent=1227"}],"curies":[{"name":"wp","href":"https:\/\/api.w.org\/{rel}","templated":true}]}}