{"id":1266,"date":"2020-06-23T11:51:55","date_gmt":"2020-06-23T10:51:55","guid":{"rendered":"https:\/\/mythslegendes.com\/?page_id=1266"},"modified":"2022-12-03T22:07:04","modified_gmt":"2022-12-03T22:07:04","slug":"contes-basques-22","status":"publish","type":"page","link":"https:\/\/mythslegendes.com\/es\/mitologia-vasca\/cuentos-vascos-22\/","title":{"rendered":"Cuentos vascos 22"},"content":{"rendered":"<div data-elementor-type=\"wp-page\" data-elementor-id=\"1266\" class=\"elementor elementor-1266\">\n\t\t\t\t\t\t<section class=\"elementor-section elementor-top-section elementor-element elementor-element-6b529ce elementor-section-boxed elementor-section-height-default elementor-section-height-default\" data-id=\"6b529ce\" data-element_type=\"section\" data-e-type=\"section\">\n\t\t\t\t\t\t<div class=\"elementor-container elementor-column-gap-default\">\n\t\t\t\t\t<div class=\"elementor-column elementor-col-50 elementor-top-column elementor-element elementor-element-1b69242\" data-id=\"1b69242\" data-element_type=\"column\" data-e-type=\"column\">\n\t\t\t<div class=\"elementor-widget-wrap elementor-element-populated\">\n\t\t\t\t\t\t<div class=\"elementor-element elementor-element-f58486f elementor-align-justify elementor-widget elementor-widget-button\" data-id=\"f58486f\" data-element_type=\"widget\" data-e-type=\"widget\" data-widget_type=\"button.default\">\n\t\t\t\t<div class=\"elementor-widget-container\">\n\t\t\t\t\t\t\t\t\t<div class=\"elementor-button-wrapper\">\n\t\t\t\t\t<a class=\"elementor-button elementor-button-link elementor-size-sm\" href=\"https:\/\/mythslegendes.com\/es\/mitologia-vasca\/\">\n\t\t\t\t\t\t<span class=\"elementor-button-content-wrapper\">\n\t\t\t\t\t\t\t\t\t<span class=\"elementor-button-text\">Mitolog\u00eda vasca<\/span>\n\t\t\t\t\t<\/span>\n\t\t\t\t\t<\/a>\n\t\t\t\t<\/div>\n\t\t\t\t\t\t\t\t<\/div>\n\t\t\t\t<\/div>\n\t\t\t\t\t<\/div>\n\t\t<\/div>\n\t\t\t\t<div class=\"elementor-column elementor-col-50 elementor-top-column elementor-element elementor-element-ef39b48\" data-id=\"ef39b48\" data-element_type=\"column\" data-e-type=\"column\">\n\t\t\t<div class=\"elementor-widget-wrap elementor-element-populated\">\n\t\t\t\t\t\t<div class=\"elementor-element elementor-element-ea77fe1 elementor-align-justify elementor-widget elementor-widget-button\" data-id=\"ea77fe1\" data-element_type=\"widget\" data-e-type=\"widget\" data-widget_type=\"button.default\">\n\t\t\t\t<div class=\"elementor-widget-container\">\n\t\t\t\t\t\t\t\t\t<div class=\"elementor-button-wrapper\">\n\t\t\t\t\t<a class=\"elementor-button elementor-button-link elementor-size-sm\" href=\"https:\/\/fr.wikipedia.org\/wiki\/Mythologie_basque\" target=\"_blank\" rel=\"noopener\">\n\t\t\t\t\t\t<span class=\"elementor-button-content-wrapper\">\n\t\t\t\t\t\t\t\t\t<span class=\"elementor-button-text\">Wiki<\/span>\n\t\t\t\t\t<\/span>\n\t\t\t\t\t<\/a>\n\t\t\t\t<\/div>\n\t\t\t\t\t\t\t\t<\/div>\n\t\t\t\t<\/div>\n\t\t\t\t\t<\/div>\n\t\t<\/div>\n\t\t\t\t\t<\/div>\n\t\t<\/section>\n\t\t\t\t<section class=\"elementor-section elementor-top-section elementor-element elementor-element-bb8af0 elementor-section-boxed elementor-section-height-default elementor-section-height-default\" data-id=\"bb8af0\" data-element_type=\"section\" data-e-type=\"section\">\n\t\t\t\t\t\t<div class=\"elementor-container elementor-column-gap-default\">\n\t\t\t\t\t<div class=\"elementor-column elementor-col-100 elementor-top-column elementor-element elementor-element-1907effa\" data-id=\"1907effa\" data-element_type=\"column\" data-e-type=\"column\">\n\t\t\t<div class=\"elementor-widget-wrap elementor-element-populated\">\n\t\t\t\t\t\t<div class=\"elementor-element elementor-element-6bbc8f10 elementor-widget elementor-widget-text-editor\" data-id=\"6bbc8f10\" data-element_type=\"widget\" data-e-type=\"widget\" data-widget_type=\"text-editor.default\">\n\t\t\t\t<div class=\"elementor-widget-container\">\n\t\t\t\t\t\t\t\t\t<p><\/p>\n<div id=\"ez-toc-container\" class=\"ez-toc-v2_0_82_2 counter-hierarchy ez-toc-counter ez-toc-grey ez-toc-container-direction\">\n<div class=\"ez-toc-title-container\">\n<p class=\"ez-toc-title\" style=\"cursor:inherit\">Contenido<\/p>\n<span class=\"ez-toc-title-toggle\"><a href=\"#\" class=\"ez-toc-pull-right ez-toc-btn ez-toc-btn-xs ez-toc-btn-default ez-toc-toggle\" aria-label=\"Alternar tabla de contenidos\"><span class=\"ez-toc-js-icon-con\"><span class=\"\"><span class=\"eztoc-hide\" style=\"display:none;\">Palanca<\/span><span class=\"ez-toc-icon-toggle-span\"><svg style=\"fill: #999;color:#999\" xmlns=\"http:\/\/www.w3.org\/2000\/svg\" class=\"list-377408\" width=\"20px\" height=\"20px\" viewbox=\"0 0 24 24\" fill=\"none\"><path d=\"M6 6H4v2h2V6zm14 0H8v2h12V6zM4 11h2v2H4v-2zm16 0H8v2h12v-2zM4 16h2v2H4v-2zm16 0H8v2h12v-2z\" fill=\"currentColor\"><\/path><\/svg><svg style=\"fill: #999;color:#999\" class=\"arrow-unsorted-368013\" xmlns=\"http:\/\/www.w3.org\/2000\/svg\" width=\"10px\" height=\"10px\" viewbox=\"0 0 24 24\" version=\"1.2\" baseprofile=\"tiny\"><path d=\"M18.2 9.3l-6.2-6.3-6.2 6.3c-.2.2-.3.4-.3.7s.1.5.3.7c.2.2.4.3.7.3h11c.3 0 .5-.1.7-.3.2-.2.3-.5.3-.7s-.1-.5-.3-.7zM5.8 14.7l6.2 6.3 6.2-6.3c.2-.2.3-.5.3-.7s-.1-.5-.3-.7c-.2-.2-.4-.3-.7-.3h-11c-.3 0-.5.1-.7.3-.2.2-.3.5-.3.7s.1.5.3.7z\"\/><\/svg><\/span><\/span><\/span><\/a><\/span><\/div>\n<nav><ul class='ez-toc-list ez-toc-list-level-1' ><li class='ez-toc-page-1 ez-toc-heading-level-2'><a class=\"ez-toc-link ez-toc-heading-1\" href=\"https:\/\/mythslegendes.com\/es\/mitologia-vasca\/cuentos-vascos-22\/#Contes-basques\" >Cuentos vascos<\/a><\/li><li class='ez-toc-page-1 ez-toc-heading-level-2'><a class=\"ez-toc-link ez-toc-heading-2\" href=\"https:\/\/mythslegendes.com\/es\/mitologia-vasca\/cuentos-vascos-22\/#La-jument-dObantzun\" >La yegua Obantzun<\/a><\/li><li class='ez-toc-page-1 ez-toc-heading-level-2'><a class=\"ez-toc-link ez-toc-heading-3\" href=\"https:\/\/mythslegendes.com\/es\/mitologia-vasca\/cuentos-vascos-22\/#Le-lac-de-Biarritz\" >Lago de biarritz<\/a><\/li><li class='ez-toc-page-1 ez-toc-heading-level-2'><a class=\"ez-toc-link ez-toc-heading-4\" href=\"https:\/\/mythslegendes.com\/es\/mitologia-vasca\/cuentos-vascos-22\/#Le-charbonnier-et-le-Basa-Jaun\" >El carbonero y el Basa Jaun<\/a><\/li><\/ul><\/nav><\/div>\n<h2 class=\"wp-block-heading\"><span class=\"ez-toc-section\" id=\"Contes-basques\"><\/span>Cuentos vascos<span class=\"ez-toc-section-end\"><\/span><\/h2>\n<p>Aqu\u00ed hay varios cuentos. <a href=\"https:\/\/mythslegendes.com\/es\/mitologia-vasca\/\">vasco<\/a> : la yegua de Obantzun, el lago de Biarritz, el carbonero y la Basa Jaun<\/p>\n<p><img decoding=\"async\" class=\"alignnone wp-image-5284 size-full\" src=\"https:\/\/mythslegendes.com\/wp-content\/uploads\/2020\/09\/AlphaOmega-e1602613368367.png\" alt=\"Cuentos vascos\" width=\"25\" height=\"26\" title=\"\"><\/p>\n<h2><span class=\"ez-toc-section\" id=\"La-jument-dObantzun\"><\/span>La yegua Obantzun<span class=\"ez-toc-section-end\"><\/span><\/h2>\n<p><\/p>\n<p><\/p>\n<p>Los vecinos de la casa Etsoinberri ten\u00edan una yegua. Todos los d\u00edas lo enviaban a pastar a las monta\u00f1as, volv\u00edan a bajar por la tarde. El sirviente y el sirviente se encargaron de este trabajo. Hab\u00edan adquirido una costumbre: el primero que ve\u00eda a la bestia volv\u00eda cabalgando sobre ella.<\/p>\n<p>Un d\u00eda fue el sirviente quien la vio y, mientras dec\u00eda<br \/>\u201caqu\u00ed est\u00e1 nuestra yegua negra\u201d, corri\u00f3 y la mont\u00f3 en un abrir y cerrar de ojos.<\/p>\n<p><\/p>\n<p><\/p>\n<p>El animal se dirigi\u00f3 en direcci\u00f3n a la sima de Obantzun por donde entr\u00f3 con su jinete.<\/p>\n<p>El sirviente se qued\u00f3 un rato mirando al abismo; pero ninguna se\u00f1al, ni de la yegua ni de la doncella. Regres\u00f3 a casa mientras se preguntaba:<br \/>&quot;\u00bfQu\u00e9 yegua era esa?&quot; cuando vio, m\u00e1s abajo, en un baj\u00edo, la yegua real de Etsoinberri.<\/p>\n<p><\/p>\n<p><\/p>\n<p>Tiempo despu\u00e9s, cuando la gente de la casa fue a lavar su ropa, encontraron en la fuente de Itturan los aretes y el anillo del sirviente cautivo.<\/p>\n<p><\/p>\n<p><\/p>\n<hr class=\"wp-block-separator\" \/>\n<p><\/p>\n<p><\/p>\n<h2 class=\"wp-block-heading\"><span class=\"ez-toc-section\" id=\"Le-lac-de-Biarritz\"><\/span>Lago de biarritz<span class=\"ez-toc-section-end\"><\/span><\/h2>\n<p><\/p>\n<p><\/p>\n<p>A veces, al caer la noche, el se\u00f1or y San Pedro, por ah\u00ed en alguna parte, del lado de la negra, en Biarritz, tocan, tocan, tocan, tocan a la puerta de una casa pobre y piden alojamiento para la noche. Ciertamente les dar\u00edamos la bienvenida; y los dejamos entrar. El Se\u00f1or Jes\u00fas pregunt\u00f3 si pod\u00edan comer algo, aunque fuera un bocado. Y esta pobre gente le confes\u00f3 que no ten\u00edan nada que dar.<\/p>\n<p><\/p>\n<p><\/p>\n<p>\u2013 \u00bb Buscar en la panera.<br \/>\u201cCon mucho gusto, se\u00f1or. Pero desafortunadamente ! sabemos qu\u00e9 esperar en nuestra panera. Ver\u2026&quot;<\/p>\n<p>Y estas personas quedaron estupefactas: vieron la conejera... llena de panes hasta el borde... Cayeron de rodillas ante el Se\u00f1or Jes\u00fas. Y entonces el Se\u00f1or Jes\u00fas les pregunt\u00f3 si pod\u00edan tener una cama, porque ambos estaban muy cansados.<\/p>\n<p>\u2013 \u201cUna cama, eso s\u00ed, con un coraz\u00f3n muy grande\u2026. pero no tendr\u00edamos s\u00e1banas para darte.<br \/>&quot;Mirar de nuevo.<br \/>- &quot; Vaya ! Se\u00f1or, bien sabemos la cuenta de nuestras s\u00e1banas.<br \/>\u2013 \u201cVer todos iguales\u2026\u201d<\/p>\n<p>Y donde no deber\u00eda haber ni uno solo, descubrieron muchas s\u00e1banas. La pobre gente se qued\u00f3 temblando. Entonces el Se\u00f1or Jes\u00fas les dijo:<br \/>\u2013 \u201cHab\u00edamos tocado todas las casas del barrio, pidiendo hospedaje para pasar la noche\u2026 nadie nos lo ofreci\u00f3 excepto t\u00fa. Esta noche escuchar\u00e1s mucho ruido; no le tengas miedo en absoluto. Estaremos all\u00ed para protegerte. \u00bb<\/p>\n<p><\/p>\n<p><\/p>\n<p>Y todos se acostaron... Al d\u00eda siguiente, arrastrados por las aguas, todas las casas del barrio hab\u00edan desaparecido, y todos sus habitantes tambi\u00e9n hab\u00edan desaparecido. La casa que hab\u00eda acogido al Se\u00f1or Jes\u00fas y San Pedro era la \u00fanica que quedaba en pie\u2026. Si alguna vez vas al lado de la negra, todav\u00eda la ver\u00e1s all\u00ed, a la orilla del gran lago creado por la lluvia, durante esta noche terrible.<\/p>\n<p><\/p>\n<p><\/p>\n<hr class=\"wp-block-separator\" \/>\n<p><\/p>\n<p><\/p>\n<h2 class=\"wp-block-heading\"><span class=\"ez-toc-section\" id=\"Le-charbonnier-et-le-Basa-Jaun\"><\/span>El carbonero y el Basa Jaun<span class=\"ez-toc-section-end\"><\/span><\/h2>\n<p><\/p>\n<p><\/p>\n<p>En Askoa, una monta\u00f1a de Ataun, un Basa Jaun (el Se\u00f1or salvaje en <a href=\"https:\/\/mythslegendes.com\/es\/mitologia-vasca\/\">vasco<\/a>) se asoci\u00f3 con un grupo de mineros del carb\u00f3n que trabajaban en la zona.<br \/>Uno de estos carboneros hab\u00eda dado un golpe de hacha tal que el tronco se parti\u00f3 por la mitad, pero la herramienta qued\u00f3 atascada. Llam\u00f3 al Basa Jaun para que pusiera sus manos en la ranura para que el hacha pudiera soltarse y el tronco pudiera ser atacado desde el otro extremo.<\/p>\n<p>Esto es lo que hizo el Basa Jaun.<br \/>El carbonero pudo sacar su hacha y la hendidura se cerr\u00f3 en los dedos del ingenuo Basa Jaun.<\/p>\n<p><\/p>\n<p><\/p>\n<p>Este \u00faltimo, dominado por la habilidad y astucia del carbonero, fue llevado al pueblo de Ataun para que todos pudieran verlo a su antojo. Entonces el carbonero lo liber\u00f3 de su trampa.<br \/>El Basa Jaun volvi\u00f3 a su cueva. El carbonero tambi\u00e9n volvi\u00f3 a sus ocupaciones pero desapareci\u00f3 despu\u00e9s, de forma misteriosa.<\/p>\n<p><\/p>\t\t\t\t\t\t\t\t<\/div>\n\t\t\t\t<\/div>\n\t\t\t\t\t<\/div>\n\t\t<\/div>\n\t\t\t\t\t<\/div>\n\t\t<\/section>\n\t\t\t\t<\/div>","protected":false},"excerpt":{"rendered":"<p>Mythologie Basque Wiki Contes basques Voici divers contes basques : la jument d&rsquo;Obantzun, la lac de Biarritz, le charbonnier et &hellip; <\/p>","protected":false},"author":1,"featured_media":0,"parent":1004,"menu_order":0,"comment_status":"closed","ping_status":"closed","template":"","meta":{"footnotes":""},"class_list":["post-1266","page","type-page","status-publish","hentry"],"amp_enabled":true,"_links":{"self":[{"href":"https:\/\/mythslegendes.com\/es\/wp-json\/wp\/v2\/pages\/1266","targetHints":{"allow":["GET"]}}],"collection":[{"href":"https:\/\/mythslegendes.com\/es\/wp-json\/wp\/v2\/pages"}],"about":[{"href":"https:\/\/mythslegendes.com\/es\/wp-json\/wp\/v2\/types\/page"}],"author":[{"embeddable":true,"href":"https:\/\/mythslegendes.com\/es\/wp-json\/wp\/v2\/users\/1"}],"replies":[{"embeddable":true,"href":"https:\/\/mythslegendes.com\/es\/wp-json\/wp\/v2\/comments?post=1266"}],"version-history":[{"count":1,"href":"https:\/\/mythslegendes.com\/es\/wp-json\/wp\/v2\/pages\/1266\/revisions"}],"predecessor-version":[{"id":24698,"href":"https:\/\/mythslegendes.com\/es\/wp-json\/wp\/v2\/pages\/1266\/revisions\/24698"}],"up":[{"embeddable":true,"href":"https:\/\/mythslegendes.com\/es\/wp-json\/wp\/v2\/pages\/1004"}],"wp:attachment":[{"href":"https:\/\/mythslegendes.com\/es\/wp-json\/wp\/v2\/media?parent=1266"}],"curies":[{"name":"wp","href":"https:\/\/api.w.org\/{rel}","templated":true}]}}